{"id":7401,"date":"2025-02-18T11:56:39","date_gmt":"2025-02-18T11:56:39","guid":{"rendered":"https:\/\/imad.cl\/?page_id=7401"},"modified":"2025-02-18T12:00:26","modified_gmt":"2025-02-18T12:00:26","slug":"carlos-vargas","status":"publish","type":"page","link":"https:\/\/imad.cl\/en\/carlos-vargas\/","title":{"rendered":"Carlos Vargas"},"content":{"rendered":"<div class=\"wpb-content-wrapper\"><div class=\"vc_row wpb_row vc_row-fluid\"><div class=\"wpb_column vc_column_container vc_col-sm-12\"><div class=\"vc_column-inner\"><div class=\"wpb_wrapper\"><div class=\"vc_custom_heading text_align_left title_no_stripe\" ><h2 style=\"color: #0e689b;text-align: left\" class=\"consulting-custom-title\">Carlos Vargas<\/h2><\/div><div class=\"vc_custom_heading vc_custom_1739879778965 text_align_left title_no_stripe\" ><h3 style=\"text-align: left\" class=\"consulting-custom-title\">Associate<\/h3><\/div><div class=\"vc_row wpb_row vc_inner vc_row-fluid\"><div class=\"wpb_column vc_column_container vc_col-sm-4\"><div class=\"vc_column-inner\"><div class=\"wpb_wrapper\">\n\t<div  class=\"wpb_single_image wpb_content_element vc_align_left\">\n\t\t\n\t\t<figure class=\"wpb_wrapper vc_figure\">\n\t\t\t<div class=\"vc_single_image-wrapper   vc_box_border_grey\"><img loading=\"lazy\" decoding=\"async\" width=\"590\" height=\"770\" src=\"https:\/\/imad.cl\/wp-content\/uploads\/2025\/02\/carlos-vargas.png\" class=\"vc_single_image-img attachment-full\" alt=\"\" title=\"carlos-vargas\" srcset=\"https:\/\/imad.cl\/wp-content\/uploads\/2025\/02\/carlos-vargas.png 590w, https:\/\/imad.cl\/wp-content\/uploads\/2025\/02\/carlos-vargas-230x300.png 230w, https:\/\/imad.cl\/wp-content\/uploads\/2025\/02\/carlos-vargas-9x12.png 9w\" sizes=\"auto, (max-width: 590px) 100vw, 590px\" \/><\/div>\n\t\t<\/figure>\n\t<\/div>\n<\/div><\/div><\/div><div class=\"wpb_column vc_column_container vc_col-sm-4\"><div class=\"vc_column-inner\"><div class=\"wpb_wrapper\"><div class=\"stm-spacing\" id=\"stm-spacing-69f2db77a972d\"><\/div>\n<script>\n    (function($){\n        \"use strict\";\n        var spacingID = 'stm-spacing-69f2db77a972d',\n            lgSpacing = '0',\n            mdSpacing = '0',\n            smSpacing = '0',\n            xsSpacing = '30';\n\n        function stmSpacing() {\n            if ( window.matchMedia(\"(min-width: 1200px)\").matches && lgSpacing ) {\n                $( '#' + spacingID ).css ( \"height\", lgSpacing );\n            } else if ( window.matchMedia(\"(max-width: 1199px) and (min-width: 992px )\").matches && mdSpacing ) {\n                $( '#' + spacingID ).css ( \"height\", mdSpacing );\n            } else if ( window.matchMedia(\"(max-width: 991px) and (min-width: 768px )\").matches && smSpacing ) {\n                $( '#' + spacingID ).css ( \"height\", smSpacing );\n            } else if ( window.matchMedia(\"(max-width: 767px)\").matches && xsSpacing ) {\n                $( '#' + spacingID ).css ( \"height\", xsSpacing );\n            } else {\n                $( '#' + spacingID ).css ( \"height\", \"\" );\n            }\n        }\n\n        $(document).ready(function() {\n            stmSpacing();\n        });\n\n        $(window).resize(function() {\n            stmSpacing();\n        });\n\n    })(jQuery);\n<\/script><div class=\"vc_custom_heading no_stripe remove_padding vc_custom_1711750569859 text_align_left\" ><h6 style=\"color: #222222;text-align: left\" class=\"consulting-custom-title\">Our Practice<\/h6><\/div>\n\t<div class=\"wpb_text_column wpb_content_element\" >\n\t\t<div class=\"wpb_wrapper\">\n\t\t\t<ul>\n<li>Environmental<\/li>\n<li>Water and Natural Resources<\/li>\n<li>Administrative Law<\/li>\n<\/ul>\n\n\t\t<\/div>\n\t<\/div>\n<\/div><\/div><\/div><div class=\"wpb_column vc_column_container vc_col-sm-4\"><div class=\"vc_column-inner\"><div class=\"wpb_wrapper\"><div class=\"stm-spacing\" id=\"stm-spacing-69f2db77a9a8d\"><\/div>\n<script>\n    (function($){\n        \"use strict\";\n        var spacingID = 'stm-spacing-69f2db77a9a8d',\n            lgSpacing = '0',\n            mdSpacing = '0',\n            smSpacing = '30',\n            xsSpacing = '30';\n\n        function stmSpacing() {\n            if ( window.matchMedia(\"(min-width: 1200px)\").matches && lgSpacing ) {\n                $( '#' + spacingID ).css ( \"height\", lgSpacing );\n            } else if ( window.matchMedia(\"(max-width: 1199px) and (min-width: 992px )\").matches && mdSpacing ) {\n                $( '#' + spacingID ).css ( \"height\", mdSpacing );\n            } else if ( window.matchMedia(\"(max-width: 991px) and (min-width: 768px )\").matches && smSpacing ) {\n                $( '#' + spacingID ).css ( \"height\", smSpacing );\n            } else if ( window.matchMedia(\"(max-width: 767px)\").matches && xsSpacing ) {\n                $( '#' + spacingID ).css ( \"height\", xsSpacing );\n            } else {\n                $( '#' + spacingID ).css ( \"height\", \"\" );\n            }\n        }\n\n        $(document).ready(function() {\n            stmSpacing();\n        });\n\n        $(window).resize(function() {\n            stmSpacing();\n        });\n\n    })(jQuery);\n<\/script><div class=\"vc_custom_heading no_stripe remove_padding vc_custom_1711750661825 text_align_left\" ><h6 style=\"color: #222222;text-align: left\" class=\"consulting-custom-title\">Education<\/h6><\/div>\n\t<div class=\"wpb_text_column wpb_content_element\" >\n\t\t<div class=\"wpb_wrapper\">\n\t\t\t<ul class=\"small_margin\" style=\"font-size: 13px; line-height: 18px;\">\n<li>Law, Universidad Finis Terrae. Bachelor\u2019s degree with distinction.<\/li>\n<li>Master (c) in Natural Resources and Environmental Law, Universidad Finis Terrae.<\/li>\n<li>Diploma in Integrity and Transparency in Public Administration, UFT.<\/li>\n<\/ul>\n\n\t\t<\/div>\n\t<\/div>\n<div class=\"vc_custom_heading no_stripe remove_padding vc_custom_1711925891233 text_align_left\" ><h6 style=\"color: #222222;text-align: left\" class=\"consulting-custom-title\">Languages<\/h6><\/div>\n\t<div class=\"wpb_text_column wpb_content_element\" >\n\t\t<div class=\"wpb_wrapper\">\n\t\t\t<ul class=\"small_margin\" style=\"font-size: 13px; line-height: 18px;\">\n<li>Spanish<\/li>\n<li>English<\/li>\n<\/ul>\n\n\t\t<\/div>\n\t<\/div>\n<\/div><\/div><\/div><\/div><\/div><\/div><\/div><\/div><div class=\"vc_row wpb_row vc_row-fluid\"><div class=\"wpb_column vc_column_container vc_col-sm-8\"><div class=\"vc_column-inner\"><div class=\"wpb_wrapper\"><div class=\"stm-spacing\" id=\"stm-spacing-69f2db77aa16d\"><\/div>\n<script>\n    (function($){\n        \"use strict\";\n        var spacingID = 'stm-spacing-69f2db77aa16d',\n            lgSpacing = '40',\n            mdSpacing = '30',\n            smSpacing = '10',\n            xsSpacing = '10';\n\n        function stmSpacing() {\n            if ( window.matchMedia(\"(min-width: 1200px)\").matches && lgSpacing ) {\n                $( '#' + spacingID ).css ( \"height\", lgSpacing );\n            } else if ( window.matchMedia(\"(max-width: 1199px) and (min-width: 992px )\").matches && mdSpacing ) {\n                $( '#' + spacingID ).css ( \"height\", mdSpacing );\n            } else if ( window.matchMedia(\"(max-width: 991px) and (min-width: 768px )\").matches && smSpacing ) {\n                $( '#' + spacingID ).css ( \"height\", smSpacing );\n            } else if ( window.matchMedia(\"(max-width: 767px)\").matches && xsSpacing ) {\n                $( '#' + spacingID ).css ( \"height\", xsSpacing );\n            } else {\n                $( '#' + spacingID ).css ( \"height\", \"\" );\n            }\n        }\n\n        $(document).ready(function() {\n            stmSpacing();\n        });\n\n        $(window).resize(function() {\n            stmSpacing();\n        });\n\n    })(jQuery);\n<\/script>\n\t<div class=\"wpb_text_column wpb_content_element\" >\n\t\t<div class=\"wpb_wrapper\">\n\t\t\t<p>Carlos is an associate lawyer in the Natural Resources and Environmental Law area at IMAD. He has over five years of experience in public and regulatory law, as well as in environmental project assessment before the SEA. His practice also focuses on administrative sanctioning procedures and representing regulated entities in appeal proceedings before state agencies.<\/p>\n\n\t\t<\/div>\n\t<\/div>\n\n\t<div class=\"wpb_text_column wpb_content_element\" >\n\t\t<div class=\"wpb_wrapper\">\n\t\t\t<blockquote><p>\nHe was part of the Environmental and Regulatory Law team at Oyarz\u00fan, Garcia y Frias (2021). Later, he joined the Projects, Environment, Natural Resources, and Energy area at DS Avocats (2022). He also worked in the Environmental Law, Natural Resources, Energy, and Regulatory area at Ontier Chile (2024).\n<\/p><\/blockquote>\n\n\t\t<\/div>\n\t<\/div>\n<\/div><\/div><\/div><div class=\"wpb_column vc_column_container vc_col-sm-4\"><div class=\"vc_column-inner\"><div class=\"wpb_wrapper\">\n<div class=\"stm_contacts_widget vc_custom_1739879677431  style_1\">\n    \n            <h4 class=\"no_stripe\">Contact:<\/h4>\n    \n    \n        <ul>\n                            <li>\n                    <div class=\"icon\"><i class=\"fa fa-map-marker\"><\/i><\/div>\n                    <div class=\"text\">Av. Las Condes 11.700, Torre A, Oficina 901. Vitacura, Santiago, Chile<\/div>\n                <\/li>\n                                                                <li>\n                    <div class=\"icon\"><i class=\"fa fa-envelope\"><\/i><\/div>\n                    <div class=\"text\"><a href=\"mailto:cv&#97;rg&#97;s&#64;&#105;&#109;a&#100;&#46;&#99;l\">&#99;&#118;&#97;r&#103;&#97;&#115;&#64;&#105;mad.c&#108;<\/a><\/div>\n                <\/li>\n                                <\/ul>\n                    <ul class=\"socials\">\n                                                                    <li><a href=\"https:\/\/www.linkedin.com\/in\/carlosvarp\/\" target=\"_blank\" class=\"social-linkedin\"><i class=\"fa fa-linkedin\"><\/i><\/a><\/li>\n                                                            <\/ul>\n        \n    \n<\/div><\/div><\/div><\/div><\/div><div class=\"vc_row wpb_row vc_row-fluid vc_custom_1711919224123\"><div class=\"wpb_column vc_column_container vc_col-sm-12\"><div class=\"vc_column-inner\"><div class=\"wpb_wrapper\"><div class=\"vc_tta-container\" data-vc-action=\"collapse\"><div class=\"vc_general vc_tta vc_tta-tabs vc_tta-color-grey vc_tta-style-classic vc_tta-shape-square vc_tta-o-shape-group  theme_style vc_tta-tabs-position-top vc_tta-controls-align-left\"><div class=\"vc_tta-tabs-container\"><ul class=\"vc_tta-tabs-list\"><li class=\"vc_tta-tab vc_active\" data-vc-tab><a href=\"#1453266957006-3f3e3dff-6ef8\" data-vc-tabs data-vc-container=\".vc_tta\"><span class=\"vc_tta-title-text\">Representative Experience<\/span><\/a><\/li><li class=\"vc_tta-tab\" data-vc-tab><a href=\"#1453268943534-fe1934ed-d1be\" data-vc-tabs data-vc-container=\".vc_tta\"><span class=\"vc_tta-title-text\">Activities and Memberships<\/span><\/a><\/li><li class=\"vc_tta-tab\" data-vc-tab><a href=\"#1711919094954-e20dada8-6d89\" data-vc-tabs data-vc-container=\".vc_tta\"><span class=\"vc_tta-title-text\">Publications<\/span><\/a><\/li><\/ul><\/div><div class=\"vc_tta-panels-container\"><div class=\"vc_tta-panels\"><div class=\"vc_tta-panel vc_active\" id=\"1453266957006-3f3e3dff-6ef8\" data-vc-content=\".vc_tta-panel-body\"><div class=\"vc_tta-panel-heading\"><h4 class=\"vc_tta-panel-title\"><a href=\"#1453266957006-3f3e3dff-6ef8\" data-vc-accordion data-vc-container=\".vc_tta-container\"><span class=\"vc_tta-title-text\">Representative Experience<\/span><\/a><\/h4><\/div><div class=\"vc_tta-panel-body\">\n\t<div class=\"wpb_text_column wpb_content_element\" >\n\t\t<div class=\"wpb_wrapper\">\n\t\t\t<ul>\n<li>Advisory and processing of mining and maritime concessions for Empresas FG.<\/li>\n<li>Ongoing environmental and regulatory advisory services for Vi\u00f1a Santa Carolina.<\/li>\n<li>Successful defense in environmental sanctioning proceedings for Mena y Ovalle, Biomasa Salinas y Waegner, among others.<\/li>\n<\/ul>\n\n\t\t<\/div>\n\t<\/div>\n<\/div><\/div><div class=\"vc_tta-panel\" id=\"1453268943534-fe1934ed-d1be\" data-vc-content=\".vc_tta-panel-body\"><div class=\"vc_tta-panel-heading\"><h4 class=\"vc_tta-panel-title\"><a href=\"#1453268943534-fe1934ed-d1be\" data-vc-accordion data-vc-container=\".vc_tta-container\"><span class=\"vc_tta-title-text\">Activities and Memberships<\/span><\/a><\/h4><\/div><div class=\"vc_tta-panel-body\">\n\t<div class=\"wpb_text_column wpb_content_element\" >\n\t\t<div class=\"wpb_wrapper\">\n\t\t\t<ul>\n<li>Lecturer in core courses of Civil Law and Procedural Law at all levels. Development of training seminars for core subjects in the law degree program. Focused on students preparing for their bar exam, reinforcement for undergraduate students, and content updates for practicing lawyers.<\/li>\n<\/ul>\n\n\t\t<\/div>\n\t<\/div>\n<\/div><\/div><div class=\"vc_tta-panel\" id=\"1711919094954-e20dada8-6d89\" data-vc-content=\".vc_tta-panel-body\"><div class=\"vc_tta-panel-heading\"><h4 class=\"vc_tta-panel-title\"><a href=\"#1711919094954-e20dada8-6d89\" data-vc-accordion data-vc-container=\".vc_tta-container\"><span class=\"vc_tta-title-text\">Publications<\/span><\/a><\/h4><\/div><div class=\"vc_tta-panel-body\">\n\t<div class=\"wpb_text_column wpb_content_element\" >\n\t\t<div class=\"wpb_wrapper\">\n\t\t\t<ul>\n<li>Author of \u201cInapplicability Due to Unconstitutionality in the Transparency Law: A Historical Analysis of the Regulation and Actions Filed Against Article 5.\u201d Universidad Finis Terrae (2018).<br \/>\ndel art\u00edculo 5\u201d. Universidad Finis Terrae. (2018)<\/li>\n<li>Author of \u201cGreen Hydrogen: Decrees That Lay the Foundation for a New Energy Policy.\u201d Juriact Journal (2022).<\/li>\n<li>Author of \u201cNeurorights and the Role of the Chilean State.\u201d Juriact Journal (2022).<\/li>\n<li>Author of \u201ceSports: Practical Challenges for Lawyers.\u201d Juriact (2022).<\/li>\n<\/ul>\n\n\t\t<\/div>\n\t<\/div>\n<\/div><\/div><\/div><\/div><\/div><\/div><\/div><\/div><\/div><\/div>\n<\/div>","protected":false},"excerpt":{"rendered":"Carlos VargasAsociado Areas de Pr\u00e1ctica Medio Ambiente Aguas y Recursos Naturales Derecho administrativo Educaci\u00f3n Derecho, Universidad Finis Terrae. Licenciatura con distinci\u00f3n. Master (c) en\u00a0Derecho de los Recursos Naturales y Medio ambiente. Universidad Finis Terrae. Diplomado en probidad y transparencia en la Administraci\u00f3n del Estado. UFT. Idiomas Espa\u00f1ol Ingl\u00e9s Carlos es abogado asociado del \u00e1rea de","protected":false},"author":1,"featured_media":0,"parent":0,"menu_order":0,"comment_status":"closed","ping_status":"closed","template":"","meta":{"footnotes":""},"class_list":["post-7401","page","type-page","status-publish","hentry"],"_links":{"self":[{"href":"https:\/\/imad.cl\/en\/wp-json\/wp\/v2\/pages\/7401","targetHints":{"allow":["GET"]}}],"collection":[{"href":"https:\/\/imad.cl\/en\/wp-json\/wp\/v2\/pages"}],"about":[{"href":"https:\/\/imad.cl\/en\/wp-json\/wp\/v2\/types\/page"}],"author":[{"embeddable":true,"href":"https:\/\/imad.cl\/en\/wp-json\/wp\/v2\/users\/1"}],"replies":[{"embeddable":true,"href":"https:\/\/imad.cl\/en\/wp-json\/wp\/v2\/comments?post=7401"}],"version-history":[{"count":3,"href":"https:\/\/imad.cl\/en\/wp-json\/wp\/v2\/pages\/7401\/revisions"}],"predecessor-version":[{"id":7405,"href":"https:\/\/imad.cl\/en\/wp-json\/wp\/v2\/pages\/7401\/revisions\/7405"}],"wp:attachment":[{"href":"https:\/\/imad.cl\/en\/wp-json\/wp\/v2\/media?parent=7401"}],"curies":[{"name":"wp","href":"https:\/\/api.w.org\/{rel}","templated":true}]}}